{"id":3043,"date":"2017-02-12T09:04:13","date_gmt":"2017-02-12T08:04:13","guid":{"rendered":"http:\/\/www.josefknoflicek.cz\/?page_id=3043"},"modified":"2021-01-25T22:13:17","modified_gmt":"2021-01-25T21:13:17","slug":"dary-cirkvi","status":"publish","type":"page","link":"https:\/\/www.josefknoflicek.cz\/?page_id=3043","title":{"rendered":"Dary c\u00edrkvi"},"content":{"rendered":"<p><em>DARY C\u00cdRKVI<\/em><\/p>\n<p><em> SLU\u017dBA V\u00a0C\u00cdRKVI &#8211; SLU\u017dEBNOSTI<\/em><\/p>\n<p><em>B\u016fh nedal sv\u00fdm d\u011btem jen tyto duchovn\u00ed dary, ale mnoho dal\u0161\u00edch. V\u00a0P\u00edsmu jich na r\u016fzn\u00fdch m\u00edstech m\u016f\u017eeme naj\u00edt nem\u00e9n\u011b 25. N\u011bkter\u00e9 jsou sou\u010d\u00e1st\u00ed skupiny dar\u016f, kter\u00e9 jsme prob\u00edrali, n\u011bkter\u00e9 stoj\u00ed samostatn\u011b.<br \/>\n<\/em><em>Je tu v\u0161ak jedna specifick\u00e1 skupina Bo\u017e\u00edch dar\u016f pro c\u00edrkev a to slu\u017eebnosti:<\/em><\/p>\n<p><em>A on dal (dary- B21, ustanovil za &#8211; SEP) jedny apo\u0161toly, jin\u00e9 proroky, n\u011bkter\u00e9 evangelisty, jin\u00e9 past\u00fd\u0159e a u\u010ditele, aby p\u0159ipravili svat\u00e9 k d\u00edlu slu\u017eby, k vybudov\u00e1n\u00ed t\u011bla Kristova,\u00a0dokud nedosp\u011bjeme v\u0161ichni k jednot\u011b v\u00edry a pln\u00e9ho pozn\u00e1n\u00ed Syna Bo\u017e\u00edho, v dosp\u011bl\u00e9ho mu\u017ee, v m\u00edru postavy Kristovy plnosti, abychom ji\u017e v\u00edce nebyli jako d\u011bti, zm\u00edt\u00e1ni vlnami a hn\u00e1ni ka\u017ed\u00fdm v\u011btrem u\u010den\u00ed v lidsk\u00e9 nest\u00e1losti, v chytr\u00e1ctv\u00ed k nastra\u017een\u00e9 cest\u011b bludu, n\u00fdbr\u017e abychom byli pravdiv\u00ed v l\u00e1sce a rostli v\u0161emi zp\u016fsoby v toho, kter\u00fd je hlavou, v Krista.<\/em><\/p>\n<p><em>Prvn\u00ed, co si zde pot\u0159ebujeme uv\u011bdomit je, \u017ee tyto slu\u017eebnosti nejsou z\u00a0lid\u00ed, ale ustanovuje a d\u00e1v\u00e1 je jako dar B\u016fh lidem. Tedy ne lid\u00e9 lidem, jak si \u010dasto v\u00a0c\u00edrkvi mysl\u00edme. Ale B\u016fh skrze lidi \u2013 autority ustanovuje slu\u017eebnosti v\u00a0c\u00edrkvi.<\/em><\/p>\n<p><em>Co z\u00a0toho vypl\u00fdv\u00e1? \u017de si \u010dlov\u011bk, kter\u00fd se domn\u00edv\u00e1, \u017ee ho B\u016fh ustanovil do n\u011bjak\u00e9 slu\u017eebnosti, nem\u016f\u017ee dovolit p\u0159edstoupit p\u0159ed shrom\u00e1\u017ed\u011bn\u00ed a \u0159\u00edct: \u201eMne B\u016fh ustanovil zde apo\u0161tolem, tak jsem od te\u010f v\u00e1\u0161 apo\u0161tol (prorok, evangelista, u\u010ditel, past\u00fd\u0159) a tak mne i respektujte jako apo\u0161tola (proroka, evangelistu, u\u010ditele, past\u00fd\u0159e).<br \/>\n<\/em><em>Ne, tak to nefunguje.<br \/>\n<\/em><em><br \/>\nJak m\u016f\u017ee\u0161 b\u00fdt apo\u0161tolem, kdy\u017e jsi nezalo\u017eil \u017e\u00e1dn\u00fd sbor, nevychoval \u017e\u00e1dn\u00e9 slu\u017eebn\u00edky a slu\u017eebnosti ve sboru, kdy\u017e neotv\u00edr\u00e1\u0161 nov\u00e1 m\u00edsta pro zakl\u00e1d\u00e1n\u00ed sbor\u016f a \u0161\u00ed\u0159en\u00ed v\u00edry v\u00a0Krista. Kdy\u017e nep\u0159in\u00e1\u0161\u00ed\u0161 nov\u00e1 zjeven\u00ed c\u00edrkvi a nem\u00e1\u0161 v\u00a0sob\u011b potvrzen\u00ed skrze moc Bo\u017e\u00ed.<br \/>\n<\/em><em>Kdy\u017e nikdo za tebou nejde a B\u016fh t\u011b lidem nedal za autoritu.<br \/>\n<\/em><em>Kdy\u017e tv\u016fj charakter se nepodob\u00e1 charakteru Krista.<\/p>\n<p><\/em><em>V\u0161echny dary a p\u0159edev\u0161\u00edm dary slu\u017eebnosti mus\u00ed b\u00fdt p\u0159ezkou\u0161eny.<\/em><\/p>\n<ol>\n<li><i><em>Mus\u00ed b\u00fdt dlouhodob\u011b z\u0159ejm\u00e9, \u017ee B\u016fh skrze tebe pou\u017e\u00edv\u00e1 konkr\u00e9tn\u00ed dar:<br \/>\n<\/em><\/i><i><em>a)lid\u00e9 kolem tebe to vid\u00ed,<br \/>\nb)<\/em><em>je to zjeven\u00e9 i autorit\u011b nad tebou.<\/em><\/i><em><br \/>\n<\/em><\/li>\n<li><em>Mus\u00ed b\u00fdt viditeln\u00e9, \u017ee:<br \/>\n<\/em><em>a) tv\u016fj charakter je prom\u011b\u0148ovan\u00fd do podoby Krista tak, \u017ee tv\u016fj dar se st\u00e1v\u00e1 ryz\u00edm a jeho pou\u017e\u00edv\u00e1n\u00ed je skute\u010dn\u011b darem pro budov\u00e1n\u00ed druh\u00fdch a c\u00edrkve a ne k\u00a0bo\u0159en\u00ed,<br \/>\n<\/em><em>b) ty s\u00e1m se neprosazuje\u0161, ale \u010dek\u00e1\u0161, a\u017e to u\u010din\u00ed B\u016fh \u2013 nen\u00ed to tv\u016fj dar, ale Bo\u017e\u00ed,<br \/>\nc) jsi pod\u0159\u00edzen\u00fd sv\u00e9 autorit\u011b v\u00a0c\u00edrkvi,<br \/>\n<\/em><em>d) i kdy\u017e B\u016fh pou\u017e\u00edv\u00e1 tv\u016fj dar, jsi ochotn\u00fd ho pod\u0159\u00eddit pod pot\u0159eby a \u0159\u00e1d c\u00edrkve,<\/em><\/li>\n<li><em>Teprve pak je mo\u017en\u00e9 tv\u016fj dar ve\u0159ejn\u011b\u00a0p\u0159ijmout c\u00edrkv\u00ed.<\/em><\/li>\n<\/ol>\n<p><em>Po k\u0159es\u0165ansk\u00e9m sv\u011bt\u011b b\u011bh\u00e1 mnoho obdarovan\u00fdch Bo\u017e\u00edch d\u011bt\u00ed, kte\u0159\u00ed sv\u00e9 obdarov\u00e1n\u00ed necht\u011bly nechat p\u0159ezkou\u0161et a nechat proj\u00edt ohn\u011bm. Sv\u00e9 obdarov\u00e1n\u00ed pou\u017e\u00edvaj\u00ed jako omluvu na to, \u017ee se necht\u011bj\u00ed pod\u0159izovat autorit\u00e1m v\u00a0c\u00edrkvi. Proto jejich dary se \u010dasem stanou ne k\u00a0budov\u00e1n\u00ed c\u00edrkve, ale k\u00a0bo\u0159en\u00ed a p\u016fsoben\u00ed rozbroj\u016f.<\/em><\/p>\n<p><em>V\u0161e m\u00e1 prob\u00edhat v\u00a0\u0159\u00e1du. Pokud se mu nechci pod\u0159\u00eddit, nemohu slou\u017eit.<\/em><\/p>\n<p><em>\u00a0<\/em><em>I apo\u0161tolov\u00e9 maj\u00ed osoby, kter\u00fdm jsou vykazateln\u00ed sv\u00fdm \u017eivotem, tak jako prvn\u00ed apo\u0161tolov\u00e9 sob\u011b navz\u00e1jem. (sn\u011bmy apod.) Pavel pak byl vykazateln\u00fd c\u00edrkvi v\u00a0Antiochii, ze kter\u00e9 vy\u0161el na sv\u00e9 prvn\u00ed misijn\u00ed cesty a pozd\u011bji apo\u0161tol\u016fm v\u00a0Jeruzal\u00e9m\u011b.<br \/>\n<\/em><em>Bez toho, abych byl vykazateln\u00fd c\u00edrkvi, se dary d\u0159\u00edve, nebo pozd\u011bji stanou plan\u00fdm stromem, kter\u00fd nese st\u00e1le m\u00e9n\u011b a m\u00e9n\u011b dobr\u00e9ho ovoce.<br \/>\n<\/em><em>Slu\u017eebnosti, kter\u00e9 B\u016fh dal jako dar pro c\u00edrkev, maj\u00ed za c\u00edl budovat spole\u010denstv\u00ed.<br \/>\n<\/em><em>Neznamen\u00e1 to jenom u\u010dit, pokud jde o u\u010ditele, ale tak\u00e9 rozeznat tento dar u jin\u00fdch a t\u011bm se v\u011bnovat, aby bylo v\u00edce u\u010ditel\u016f.<br \/>\n<\/em><em>N\u011bkdy, kdy\u017e je v c\u00edrkvi dar (slu\u017eebnost) evangelisty, ostatn\u00ed lid\u00e9 si mysl\u00ed, \u017ee evangelizace je jen na n\u011bm. To nen\u00ed cel\u00e1 pravda. V\u0161ichni m\u00e1me n\u00e9st evangelium. Evangelista m\u00e1 n\u00e1s v\u00a0tom povzbuzovat, uk\u00e1zat r\u016fzn\u00e9 mo\u017enosti evangelizace, organizovat je, b\u00fdt vzorem v evangelizaci, ale tak\u00e9 m\u00e1 za c\u00edl budovat dal\u0161\u00ed evangelisty.<br \/>\n<\/em><em>To plat\u00ed i pro dal\u0161\u00ed slu\u017eebnosti, pro proroky a past\u00fd\u0159e.<\/em><\/p>\n<p><em>N\u011bkdy jsme v\u00a0c\u00edrkvi r\u00e1di, \u017ee jsou tyto slu\u017eebnosti, proto\u017ee p\u0159edpokl\u00e1d\u00e1me, \u017ee oni v\u0161echno budou d\u011blat. I to, co B\u016fh p\u0159ipravil pro n\u00e1s. Mus\u00edme si uv\u011bdomit, \u017ee ka\u017ed\u00fd z\u00a0n\u00e1s m\u016f\u017ee prorokovat a p\u0159itom neb\u00fdt prorokem, ka\u017ed\u00fd z\u00a0n\u00e1s se m\u016f\u017ee s\u00a0viditeln\u00fdm \u00fasp\u011bchem modlit za uzdraven\u00ed \u2026, proto\u017ee to nen\u00ed z\u00a0n\u00e1s, ale z\u00a0Ducha svat\u00e9ho. Pak Duch svat\u00fd n\u011bkomu d\u00e1 v\u00edce milosti v\u00a0konkr\u00e9tn\u00ed oblasti, ALE S\u00a0POLU S\u00a0T\u00cdM I V\u00cdCE ODPOV\u011aDNOSTI.<\/em><\/p>\n<p><em><\/p>\n<p><\/em><\/p>\n<p><em>Apo\u0161tol:<\/p>\n<p>1. Jeden z\u00a0p\u0159edpoklad\u016f apo\u0161tolstv\u00ed bylo b\u00fdt po celou dobu<br \/>\n<\/em><em>Je\u017e\u00ed\u0161ova pobytu na zemi v\u00a0jeho t\u00fdmu. Tuto podm\u00ednku ji\u017e nikdo nem\u016f\u017ee splnit. Neplat\u00ed v\u0161ak, \u017ee nejsou dal\u0161\u00ed apo\u0161tolov\u00e9.<br \/>\n<\/em><em><br \/>\n2. <\/em><em>Apo\u0161tolstv\u00ed Pavlova typu. Pavel p\u0159inesl evangelium pohan\u016fm, po t\u00e9m\u011b\u0159 cel\u00e9m \u0159\u00edmsk\u00e9m imp\u00e9riu. Zalo\u017eil mnoho sbor\u016f, vychoval a ustanovil mnoho slu\u017eebn\u00edk\u016f, u\u010dedn\u00edk\u016f a n\u00e1sledovn\u00edk\u016f. Jeho apo\u0161tolstv\u00ed (i kdy\u017e nechodil s Je\u017e\u00ed\u0161em) bylo potvrzov\u00e1n\u00ed divy a z\u00e1zraky, uzdraven\u00edmi a vysvobozen\u00edm mnoha lid\u00ed z\u00a0duchovn\u00edho zajet\u00ed, kter\u00e9 m\u011blo vliv na jejich zdrav\u00ed fyzick\u00e9, \u010di du\u0161evn\u00ed. Pavel je pova\u017eov\u00e1n za apo\u0161tola pohan\u016f. Apo\u0161tol Pavlova typu by m\u011bl m\u00edt v\u0161ech p\u011bt slu\u017eebnost\u00ed. Pavlovo apo\u0161tolstv\u00ed byla tak siln\u00e9 a viditeln\u00e9, \u017ee ho p\u0159ij\u00edmaly za apo\u0161tola tak\u00e9 sbory, kter\u00e9 nezalo\u017eil.<br \/>\n<\/em><em><br \/>\n3.Apo\u0161tolstv\u00ed na z\u00e1klad\u011b dobrovoln\u00e9 pod\u0159\u00edzenosti. To je apo\u0161tolstv\u00ed, kdy n\u011bkter\u00e9mu z\u00a0c\u00edrkevn\u00ed vedouc\u00edch je d\u00e1na Bohem moudrost a pozn\u00e1n\u00ed o tom, jak v\u00e9st c\u00edrkev nejen tam, kde vedouc\u00ed slou\u017e\u00ed, ale c\u00edrkve jako celku v\u00a0n\u011bjak\u00e9 zemi, oblasti apod. Tato moudrost a pozn\u00e1n\u00ed je podep\u0159eno nav\u00edc moc\u00ed a autoritou Ducha svat\u00e9ho a charakter takov\u00e9ho slu\u017eebn\u00edka, je v\u0161emi vn\u00edm\u00e1m jako charakter, kter\u00fd se nejv\u00edce z\u00a0nich podob\u00e1 Kristu. Pokud takov\u00fd slu\u017eebn\u00edk je ochotn\u00fd um\u00fdvat nohy jin\u00fdm vedouc\u00edm c\u00edrkv\u00ed, m\u016f\u017ee se st\u00e1t, \u017ee se na n\u011bho budou obracet jako na autoritu a toho, kdo m\u00e1 pozn\u00e1n\u00ed. Pokud je to trval\u00e9, stane se, \u017ee se takov\u00fd slu\u017eebn\u00edk pro ostatn\u00ed vedouc\u00ed (biskupy) stane jejich apo\u0161tolem. Dobrovoln\u011b se poddaj\u00ed pod jeho autoritu.<br \/>\n<\/em><em>Takov\u00e9 apo\u0161tolstv\u00ed je naddenomina\u010dn\u00ed.<\/em><\/p>\n<p><em>Nejsem si jist\u00fd, zda je v\u00a0\u010cR, nebo SR takov\u00e1 k\u0159es\u0165ansk\u00e1 osobnost, kter\u00e1 by se mohla st\u00e1t apo\u0161tolem pro ostatn\u00ed. <\/em><\/p>\n<p><em>\u00a0<\/em><em>Prorok:<\/em><\/p>\n<p><em>Ka\u017ed\u00fd vedouc\u00ed c\u00edrkve by m\u011bl m\u00edt prorock\u00fd dar, ale p\u0159edev\u0161\u00edm by m\u011bl m\u00edt vedle sebe proroka. Porok neb\u00fdv\u00e1 dobr\u00fdm vedouc\u00edm. Proto B\u016fh nepovol\u00e1val za vedouc\u00ed Izraele proroky (a\u017e na v\u00fdjimky), ale v\u016fdce- Moj\u017e\u00ed\u0161 byl v\u016fdce, i kdy\u017e prorokoval, Jozue. Soudce \u2013 a\u017e na prorokyni Deboru a Samuela, to byli p\u0159edev\u0161\u00edm vojev\u016fdcov\u00e9, kte\u0159\u00ed \u0159e\u0161ili spory a v \u00a0p\u0159\u00edpad\u011b napaden\u00ed svol\u00e1vali a sjednotili \u00a0kmeny k\u00a0obran\u011b. Kr\u00e1le \u2013 vojev\u016fdce Saul, David a lidi, kte\u0159\u00ed m\u011bli moudrost od n\u011bho samotn\u00e9ho Boha -\u0160alamoun. Proroci st\u00e1li vedle nich, i kdy\u017e ka\u017ed\u00fd z nich n\u011bjak prorokoval. <\/em><\/p>\n<p><em>Ka\u017ed\u00fd vedouc\u00ed to m\u00e1 t\u011b\u017ek\u00e9 a pot\u0159ebuje n\u011bkoho, kdo mu \u0159ekne v\u011bci od Boha, i kdy\u017e nejsou p\u0159\u00edjemn\u00e9, p\u0159inese od P\u00e1na povzbuzen\u00ed \u2026 a p\u0159itom mu bude oporou a nebude se do\u017eadovat, aby vedouc\u00ed d\u011blal to, co on \u0159ekl.<\/em><\/p>\n<p><em>Takov\u00fd \u201edruh\u201c prorok\u016f je velmi vz\u00e1cn\u00fd.<\/em><\/p>\n<p><em>Prorok nen\u00ed vedouc\u00ed, ale p\u0159in\u00e1\u0161\u00ed poselstv\u00ed od Boha. Nemus\u00ed mu rozum\u011bt v\u016fbec, nebo jen \u010d\u00e1ste\u010dn\u011b, ale vedouc\u00ed by m\u011bl v\u011bd\u011bt, jak s\u00a0takov\u00fdm proroctv\u00ed nalo\u017eit.<\/em><\/p>\n<p><em>Proto je d\u016fle\u017eit\u00e9, aby prorok ve sboru p\u0159edev\u0161\u00edm vychov\u00e1val nov\u00e9 proroky, u\u010dil jak nakl\u00e1dat s\u00a0t\u00edm, co p\u00e1n ozn\u00e1m\u00ed, jak z\u00a0proroctv\u00ed vyt\u011bsnit vlastn\u00ed my\u0161lenky a slova \u2026<\/em><\/p>\n<p><em>Prorok ur\u010dit\u011b nen\u00ed v\u011bdmou pro sbor. Prorok nem\u00e1 v\u011b\u0161teck\u00e9ho ducha, aby za n\u00edm lid\u00e9 chodili s\u00a0t\u00edm, co je \u010dek\u00e1. Tak\u00e9 je hloup\u00e9 chodit v\u00a0dom\u011b milosti za prorokem, aby stahoval pro n\u011bkoho slovo. B\u016fh ti chce oznamovat v\u011bci. Sp\u00ed\u0161e je pot\u0159eba po proroc\u00edch cht\u00edt, aby t\u011b nau\u010dili naslouchat Duchu svat\u00e9mu. <\/em><\/p>\n<p><em>Pokud ti chce n\u011bco B\u016fh ozn\u00e1mit skrze proroka, prorok s\u00e1m za tebou p\u0159ijde.<\/em><\/p>\n<p><em>\u00a0<\/em><em>Evangelista:<\/em><\/p>\n<p><em>je darem c\u00edrkvi v\u00a0tom, \u017ee dok\u00e1\u017ee povzbudit lidi k\u00a0osobn\u00ed, ale i pouli\u010dn\u00ed evangelizaci. S\u00e1m je obdarov\u00e1n t\u00edm, \u017ee dok\u00e1\u017ee sd\u00edlet evangelium lidem mimo c\u00edrkev tak, \u017ee mu rozum\u00ed. Lid\u00e9 jsou j\u00edm p\u0159itahov\u00e1n\u00ed. \u010casto je jeho slovo prov\u00e1zeno z\u00e1zraky a uzdraven\u00edm jin\u00fdch, vym\u00edt\u00e1n\u00edm d\u00e9mon\u016f apod.<\/em><\/p>\n<p><em>V c\u00edrkvi organizuje evangelizace, buduje evangeliza\u010dn\u00ed t\u00fdmy a vychov\u00e1v\u00e1 evangelisty.<\/em><\/p>\n<p><em>\u00a0<\/em><em>Past\u00fd\u0159:<\/em><\/p>\n<p><em>je ten, kter\u00fd se star\u00e1 o st\u00e1do. Pe\u010duje o n\u011b. Nemus\u00ed je evangelizovat, nemus\u00ed vyu\u010dovat, nemus\u00ed jim prorokovat, ale mus\u00ed je zn\u00e1t a zn\u00e1t jejich pot\u0159eby, bolesti a zran\u011bn\u00ed, jejich radosti. Jejich ztr\u00e1ty a jejich v\u00edt\u011bzstv\u00ed. Mus\u00ed zn\u00e1t jejich \u017eivot. Pot\u011b\u0161ovat je osobn\u00edm, ale p\u0159edev\u0161\u00edm Bo\u017e\u00edm slovem, plakat s nimi, kdy\u017e pl\u00e1\u010dou. <\/em><\/p>\n<p><em>Je\u017e\u00ed\u0161 \u0159\u00edk\u00e1, \u017ee ovce zn\u00e1 hlas sv\u00e9ho past\u00fd\u0159e. Tak\u00e9 lid\u00e9, kte\u0159\u00ed jsou pastorovan\u00ed, poznaj\u00ed, kdo je jejich a kdo ne.<br \/>\n<\/em><em>P\u00e9\u010de spo\u010d\u00edv\u00e1 v\u00a0dlouhodob\u00e9 duchovn\u00ed podpo\u0159e a veden\u00ed v\u011b\u0159\u00edc\u00edch.<br \/>\n<\/em><em>Jedn\u00edm z\u00a0omyl\u016f je a to p\u0159edev\u0161\u00edm v\u00a0soci\u00e1ln\u00ed oblasti, \u017ee pastor m\u016f\u017ee pastora\u010dn\u011b v\u00e9st nev\u011b\u0159\u00edc\u00ed lidi. Ten omyl spo\u010d\u00edv\u00e1 vtom, \u017ee pokud tato past\u00fd\u0159sk\u00e1 p\u00e9\u010de m\u00e1 b\u00fdt \u00fasp\u011b\u0161n\u00e1 a m\u00e1 v\u00e9st k\u00a0bli\u017e\u0161\u00edmu a kvalitn\u011bj\u0161\u00edmu \u017eivotu s\u00a0Bohem (co\u017e je c\u00edl pastorace), pak \u010dlov\u011bk, kter\u00e9mu se pastora\u010dn\u011b v\u011bnuji, mus\u00ed v\u011b\u0159it v\u00a0Boha a P\u00edsmu.<br \/>\n<\/em><em>Jinak to nen\u00ed pastorace, ale osobn\u00ed evangelizace. Pokud se \u010dlov\u011bk neobr\u00e1t\u00ed, pak je lep\u0161\u00ed zn\u00e1t a pou\u017e\u00edt n\u011bkter\u00fd jin\u00fd n\u00e1stroj du\u0161evn\u00ed podpory.\u00a0\u00a0 <\/em><\/p>\n<p><em>U\u010ditel:<\/em><\/p>\n<p><em>je slu\u017eebnost, kter\u00e1 dok\u00e1\u017ee na rozd\u00edl od mnoh\u00fdch prorok\u016f komunikovat Bo\u017e\u00ed pravdy srozumiteln\u011b, jednodu\u0161e a p\u0159\u00edmo. U\u010ditelem je pouze tehdy dok\u00e1\u017ee-li vyu\u010dit Bo\u017e\u00ed lid, nesta\u010d\u00ed p\u0159edat informaci.<br \/>\n<\/em><em>Dok\u00e1\u017ee nastavit p\u0159esn\u00e9 mantinely, ve kter\u00fdch se m\u00e1 Bo\u017e\u00ed lid pohybovat, a kter\u00e9 se v\u00a0jin\u00fdch slu\u017eebnostech m\u016f\u017eou \u010dasto roz\u0161i\u0159ovat, nebo \u00fa\u017eit. U\u010ditel db\u00e1 na to, aby z\u016fstaly nepohnuty a byly v\u0161em rozeznateln\u00e9 t\u00edm, \u017ee o nich srozumiteln\u011b vyu\u010duje.<br \/>\n<\/em><em>Dok\u00e1\u017ee v\u011bci pojmenovat a tak d\u00e1 mo\u017enost je uchopit druh\u00fdm, aby je mohli pou\u017e\u00edt pro sv\u016fj \u017eivot.<\/em><\/p>\n<p><em>U\u010d\u00ed Bo\u017e\u00ed lid u\u010dit se.<br \/>\n<\/em><em>Hled\u00e1 u\u010ditelsk\u00e9 obdarov\u00e1n\u00ed a vychov\u00e1v\u00e1 nov\u00e9 u\u010ditele.<\/em><\/p>\n<p>&nbsp;<\/p>\n<p><em>D\u00e1 se p\u0159edpokl\u00e1dat, \u017ee za\u010d\u00ednaj\u00edc\u00ed sbor nebude m\u00edt v\u0161echny slu\u017eebnosti, ale d\u0159\u00edve nebo pozd\u011bji by zdrav\u00fd sbor m\u011bl m\u00edt v\u0161echny tyto slu\u017eebnosti. \u010c\u00edm v\u00edce roste, se slu\u017eebnosti rozr\u016fstaj\u00ed do veden\u00ed jednotliv\u00fdch slu\u017eeb.<\/em><\/p>\n<p><em>P\u0159\u00edklad:<\/em><\/p>\n<p><em>Past\u00fd\u0159 povede past\u00fd\u0159sk\u00fd t\u00fdm, jeho\u017e ka\u017ed\u00fd \u010dlen se bude duchovn\u011b v\u011bnovat n\u011bkolika lidem ve sboru.<br \/>\n<\/em><em>U\u010ditel povede skupinu u\u010ditel\u016f, kte\u0159\u00ed budou vyu\u010dovat d\u011bti, jin\u00ed dosp\u011bl\u00e9, dal\u0161\u00ed ml\u00e1de\u017e, dal\u0161\u00ed bezdomovce a op\u011bt dal\u0161\u00ed studenty\u2026<\/em><em>Evangelista bude budovat evangeliza\u010dn\u00ed t\u00fdmy.<br \/>\n<\/em><em>Prorok bude m\u00edt m\u00edstn\u00ed prorockou skupinku.<br \/>\n<\/em><em>Vedouc\u00ed (apo\u0161tol\u016f bychom moc nena\u0161li)bude m\u00edt st\u00e1le u sebe u\u010dedn\u00edka.<\/em><\/p>\n<p><em>To je ov\u0161em ide\u00e1ln\u00ed stav.<\/em><\/p>\n","protected":false},"excerpt":{"rendered":"<p>DARY C\u00cdRKVI SLU\u017dBA V\u00a0C\u00cdRKVI &#8211; SLU\u017dEBNOSTI B\u016fh nedal sv\u00fdm d\u011btem jen tyto duchovn\u00ed dary, ale mnoho dal\u0161\u00edch. V\u00a0P\u00edsmu jich na r\u016fzn\u00fdch m\u00edstech m\u016f\u017eeme naj\u00edt nem\u00e9n\u011b 25. N\u011bkter\u00e9 jsou sou\u010d\u00e1st\u00ed skupiny dar\u016f, kter\u00e9 jsme prob\u00edrali, n\u011bkter\u00e9 stoj\u00ed samostatn\u011b. Je tu v\u0161ak jedna specifick\u00e1 skupina Bo\u017e\u00edch dar\u016f pro c\u00edrkev a to slu\u017eebnosti: A on dal (dary- B21, &hellip; <a href=\"https:\/\/www.josefknoflicek.cz\/?page_id=3043\" class=\"more-link\">Pokra\u010dov\u00e1n\u00ed textu <span class=\"screen-reader-text\">Dary c\u00edrkvi<\/span> <span class=\"meta-nav\">&rarr;<\/span><\/a><\/p>\n","protected":false},"author":2,"featured_media":0,"parent":389,"menu_order":4,"comment_status":"closed","ping_status":"closed","template":"","meta":[],"_links":{"self":[{"href":"https:\/\/www.josefknoflicek.cz\/index.php?rest_route=\/wp\/v2\/pages\/3043"}],"collection":[{"href":"https:\/\/www.josefknoflicek.cz\/index.php?rest_route=\/wp\/v2\/pages"}],"about":[{"href":"https:\/\/www.josefknoflicek.cz\/index.php?rest_route=\/wp\/v2\/types\/page"}],"author":[{"embeddable":true,"href":"https:\/\/www.josefknoflicek.cz\/index.php?rest_route=\/wp\/v2\/users\/2"}],"replies":[{"embeddable":true,"href":"https:\/\/www.josefknoflicek.cz\/index.php?rest_route=%2Fwp%2Fv2%2Fcomments&post=3043"}],"version-history":[{"count":1,"href":"https:\/\/www.josefknoflicek.cz\/index.php?rest_route=\/wp\/v2\/pages\/3043\/revisions"}],"predecessor-version":[{"id":3044,"href":"https:\/\/www.josefknoflicek.cz\/index.php?rest_route=\/wp\/v2\/pages\/3043\/revisions\/3044"}],"up":[{"embeddable":true,"href":"https:\/\/www.josefknoflicek.cz\/index.php?rest_route=\/wp\/v2\/pages\/389"}],"wp:attachment":[{"href":"https:\/\/www.josefknoflicek.cz\/index.php?rest_route=%2Fwp%2Fv2%2Fmedia&parent=3043"}],"curies":[{"name":"wp","href":"https:\/\/api.w.org\/{rel}","templated":true}]}}