{"id":5912,"date":"2021-01-25T00:40:00","date_gmt":"2021-01-24T23:40:00","guid":{"rendered":"https:\/\/www.josefknoflicek.cz\/?page_id=5912"},"modified":"2021-01-26T01:51:05","modified_gmt":"2021-01-26T00:51:05","slug":"kapitola-3","status":"publish","type":"page","link":"https:\/\/www.josefknoflicek.cz\/?page_id=5912","title":{"rendered":"Kapitola 3"},"content":{"rendered":"\n<p>Tak jak? <\/p>\n\n\n\n<p>Mo\u017en\u00e1 si mysl\u00edte, \u017ee prvn\u00ed a druh\u00e1 kapitola si odporuj\u00ed. Ne. Prvn\u00ed popisuje stav v\u011bc\u00ed. A tak trochu varuje se poust\u011bt do velk\u00fdch v\u011bc\u00ed. Druh\u00e1 se sna\u017e\u00ed vysv\u011btlit, \u017ee pen\u00edze ze st\u00e1tn\u00ed pokladny na soci\u00e1ln\u00ed slu\u017eby nejsou n\u011bco \u0161patn\u00e9ho. \u0160patn\u00e9 je to, co jsme schopni n\u011bkdy ud\u011blat proto, abychom je z\u00edskali. (prvn\u00ed kapitola) Za jakou cenu. S j\u00eddlem roste chu\u0165. Mo\u017en\u00e1 pr\u00e1v\u011b proto by bylo pot\u0159eba, aby v\u00edce lid\u00ed oddan\u00fdch Kristu v t\u011bchto slu\u017eb\u00e1ch pracovalo. Modlilo se&#8230; <\/p>\n\n\n\n<p>Mal\u00e9 spole\u010denstv\u00ed by se do registrovan\u00e9 soci\u00e1ln\u00ed slu\u017eby nem\u011blo pou\u0161t\u011bt. Aspo\u0148 ne hned. V\u0161echno m\u00e1 sv\u016fj v\u00fdvoj. Uvedu p\u0159\u00edklad. Ter\u00e9nn\u00ed soci\u00e1ln\u00ed slu\u017eba krizov\u00e9 intervence (nejz\u00e1kladn\u011bj\u0161\u00ed soci\u00e1ln\u00ed slu\u017eba) si vy\u017eaduje minim\u00e1ln\u011b jednoho soci\u00e1ln\u00edho pracovn\u00edka s vysoko\u0161kolsk\u00fdm vzd\u011bl\u00e1n\u00edm II. stupn\u011b. Nem\u016f\u017ee to b\u00fdt dobrovoln\u00edk ani dohod\u00e1\u0159 nebo externista, mus\u00ed m\u00edt pracovn\u00ed smlouvu. D\u00e1le mus\u00ed m\u00edt n\u011bjak\u00e9 z\u00e1kladn\u00ed vybaven\u00ed a p\u0159edev\u0161\u00edm kancel\u00e1\u0159. Nev\u00edm jak nyn\u00ed v \u010cR, ale na Slovensku je\u0161t\u011b neznamen\u00e1, \u017ee kdy\u017e tuto slu\u017ebu zaregistrujete, \u017ee na ni dostanete finance. M\u011bly by p\u0159isp\u011bt obce, ale&#8230;Je pohodln\u011bj\u0161\u00ed m\u00edt srdca\u0159e, kter\u00fd bude ve sv\u00e9m voln\u00e9m \u010dase nav\u0161t\u011bvovat rodiny v nouzi, chodit do ghett a v\u011bnovat se probl\u00e9m\u016fm ml\u00e1de\u017ee, d\u011bt\u00ed nebo cel\u00fdch rodin. P\u0159itom nemus\u00ed \u0159e\u0161it slo\u017eit\u00e9 soci\u00e1ln\u00ed situace. Sta\u010d\u00ed jednou dvakr\u00e1t v t\u00fddnu, ale pravideln\u011b. Pokud je \u0161ikovn\u00fd domluv\u00ed se s n\u011bk\u00fdm na \u00fa\u0159adu nebo soci\u00e1ln\u00edm pracovn\u00edkem n\u011bkter\u00e9 neziskovky, kte\u0159\u00ed pomohou v tom, co nezvl\u00e1dne jako dobrovoln\u00edk. Je to podstatn\u011b levn\u011bj\u0161\u00ed, vztahy jsou s lidmi pevn\u011bj\u0161\u00ed, proto\u017ee je tam ho\u0159\u00edc\u00ed srdce. Pro c\u00edrkev je dobr\u00fdm v\u00fdsledkem, \u017ee se lid\u00e9 obrac\u00ed a p\u0159ich\u00e1zej\u00ed do c\u00edrkve. Pro soci\u00e1ln\u00ed pr\u00e1ci je \u00fasp\u011bch to, \u017ee po n\u011bjak\u00e9 dob\u011b \u010dlov\u011bk nebo rodina ji\u017e nepot\u0159ebuj\u00ed pomoc, proto\u017ee se nau\u010dili pomoc si sami nebo se dostali z j\u00e1my na cestu a mohou ji\u017e d\u00e1l pokra\u010dovat bez pomoci. V obou p\u0159\u00edpadech jde o zm\u011bnu \u017eivota. Jak v c\u00edrkvi v tak soci\u00e1ln\u00ed slu\u017eb\u011b. Ide\u00e1ln\u00ed je spojen\u00ed obou v\u011bc\u00ed. Tak to m\u016f\u017ee fungovat dlouho, aspo\u0148 do doby, kdy budou odborn\u00edci z \u00fa\u0159adu nebo neziskovky spolupracovat. To je o budov\u00e1n\u00ed vztah\u016f. Nav\u00edc m\u00e1te mo\u017enost m\u00edt vliv na mnoho lid\u00ed kolem. Nejde jen o jednoho nebo jednu soci\u00e1ln\u00ed pracovnici na \u00fa\u0159ad\u011b, ale v\u00e1\u0161 vliv se p\u0159enese na cel\u00e9 odd\u011blen\u00ed a mo\u017en\u00e1 a\u017e k veden\u00ed obce nebo m\u011bsta. Tento zp\u016fsob slu\u017eby lidem m\u00e1me n\u011bkolikr\u00e1t vyzkou\u0161en\u00fd a v\u017edy p\u0159inesl dobr\u00e9 ovoce. Jak do c\u00edrkve, tak do vztah\u016f s veden\u00edm m\u011bst a obc\u00ed. Mus\u00edte v\u0161ak lidem na m\u011bst\u011b projevit d\u016fv\u011bru jako odborn\u00edk\u016fm, i kdy\u017e nejsou v\u011b\u0159\u00edc\u00ed (zat\u00edm\ud83d\ude0a). Mnoh\u00e9 v\u011bci skute\u010dn\u011b nechat na nich, neradit jim, ale naopak si nechat v poko\u0159e poradit. Uk\u00e1zat, \u017ee si v\u00e1\u017e\u00edme jejich pr\u00e1ce, kter\u00e1 nen\u00ed snadn\u00e1. Oni se v\u00e1m na opl\u00e1tku \u010dasto otev\u0159ou a vy jim m\u016f\u017eete nab\u00eddnout, \u017ee se za n\u011b budete modlit (hned na m\u00edst\u011b). Nesetkal jsem se nikdy s odm\u00edtnut\u00edm. Samoz\u0159ejm\u011b, \u017ee to nejde p\u0159i prvn\u00edm setk\u00e1n\u00ed. Je pot\u0159eba vn\u00edmat veden\u00ed Ducha svat\u00e9ho. Ka\u017ed\u00fd \u00fa\u0159edn\u00edk se kter\u00fdm jsem spolupracoval odemne sly\u0161el evangelium. Za v\u011bt\u0161inu z nich jsem se modlil nebo se modlil s nimi. Vcetn\u011b prim\u00e1tor\u016f. N\u011bkter\u00e9 to je\u0161t\u011b \u010dek\u00e1 \ud83d\ude0a. Jako k\u0159es\u0165an\u00e9 d\u011bl\u00e1me \u010dasto velkou chybu. Mysl\u00edme si, \u017ee m\u00e1me na v\u0161e recept a chceme v\u0161em radit. Tady na to mus\u00edme zapomenout. P\u0159ij\u00edmat jin\u00e9 s pokorou a Bo\u017e\u00ed l\u00e1skou. <\/p>\n\n\n\n<p>V tomto obdob\u00ed, kdy slu\u017eba roste, m\u016f\u017eete jednat s veden\u00edm obce nebo m\u011bsta, zda by podpo\u0159ilo finan\u010dn\u011b soci\u00e1ln\u00ed slu\u017ebu v t\u00e9to oblasti, kdyby jste ji zaregistrovali. Mo\u017en\u00e1 se dohodnete zat\u00edm jen na jejich dotaci na to, co moment\u00e1ln\u011b d\u011bl\u00e1te, ale i to je dobr\u00fd za\u010d\u00e1tek. Pokud va\u0161e slu\u017eba m\u011bstu nebo obci pom\u00e1h\u00e1, d\u0159\u00edve nebo pozd\u011bji za\u010dnou p\u0159isp\u00edvat i na p\u0159\u00edpadnou soci\u00e1ln\u00ed slu\u017ebu, kterou byste zaregistrovali. Tak m\u016f\u017eete za\u010d\u00edt i bez velk\u00fdch finan\u010dn\u00edch prost\u0159edk\u016f. Jak jsem napsal v minul\u00e9 kapitole nen\u00ed pot\u0159eba se b\u00e1t dotac\u00ed z m\u011bst, kraj\u016f i st\u00e1tu. Sp\u00ed\u0161 se pot\u0159ebujeme nau\u010dit, jak je dob\u0159e pou\u017e\u00edvat. Tady na Slovensku jsme teprve po p\u011bti letech pr\u00e1ce ve cty\u0159ech m\u011bstech za\u010dali registrovat prvn\u00ed soci\u00e1ln\u00ed slu\u017eby. <\/p>\n\n\n\n<p>M\u00e1m r\u00e1d praktick\u00e9 p\u0159\u00edklady. Jste spole\u010denstv\u00ed, kter\u00e9 se sch\u00e1z\u00ed v pronajat\u00e9m s\u00e1le a skupinky m\u00e1 po domech. N\u011bkomu B\u016fh vlo\u017e\u00ed na srdce slu\u017ebu d\u011btem a ml\u00e1de\u017ei na ulici (lidem bez domova, Rom\u016fm&#8230;). Za\u010dne chodit mezi ml\u00e1de\u017e budovat vztahy. Pak i s jejich rodinami. Uvid\u00ed pot\u0159eby t\u011bch mlad\u00fdch nebo rodin a spoj\u00ed se se soci\u00e1ln\u00edm pracovn\u00edkem a pom\u016f\u017ee jim vy\u0159e\u0161it v\u011bci (odlu\u017een\u00ed, n\u011bjak\u00e9 zdravotn\u00ed vy\u0161et\u0159en\u00ed, zame\u0161kan\u00e9 hodiny bez toho, aby rodi\u010de dostali pokutu nebo p\u0159i\u0161li o d\u00e1vky apod. Je hodn\u011b v\u011bc\u00ed a pot\u0159eb). P\u0159itom se sd\u00edl\u00ed s evangeliem a zve do spole\u010denstv\u00ed. V\u011b\u0159\u00edm, \u017ee B\u016fh m\u011bn\u00ed situace lid\u00ed a cel\u00fdch rodin. \u010casto pro n\u00e1s nemo\u017en\u00e9 v\u011bci. A tak\u00e9 \u010dasto k tomu pou\u017e\u00edv\u00e1 i jin\u00e9 lidi. Nap\u0159\u00edklad \u00fa\u0159edn\u00edky z m\u011bsta. Po n\u011bjak\u00e9 dob\u011b se i \u00fa\u0159edn\u00edci za\u010dnou zaj\u00edmat a po vybudovan\u00fdch vztaz\u00edch budou cht\u00edt sami n\u011bjak pomoc. Pak m\u016f\u017ee dobrovoln\u00edk \u0159\u00edct, \u017ee by bylo dobr\u00e9 m\u00edt n\u011bjak\u00fd prostor, kde by mohli b\u00fdt s mlade\u017e\u00ed, kdy\u017e pr\u0161\u00ed, v zim\u011b, kde by s nimi m\u011bli pravideln\u00fd program. Mus\u00edte ten program m\u00edt na pap\u00edru a mus\u00ed m\u00edt hlavu a patu. Pom\u016f\u017eou v\u00e1m. Bu\u010f n\u011bco najdou nebo to p\u0159edaj\u00ed veden\u00ed m\u011bsta nebo \u0159eknou, abyste si podali \u017e\u00e1dost na dotaci na n\u00e1jem. Je v\u0161ak k tomu pot\u0159eba n\u011bkolik d\u016fle\u017eit\u00fdch v\u011bci:<\/p>\n\n\n\n<p>Aby jste v\u011bd\u011bli a m\u011bli jistotu, \u017ee k t\u00e9 slu\u017eb\u011b v\u00e1s vede Duch svat\u00fd, proto\u017ee pak on jedn\u00e1 v lidsk\u00fdch srdc\u00edch a nakl\u00e1n\u00ed je sm\u011brem k v\u00e1m a va\u0161\u00ed slu\u017eb\u011b.<\/p>\n\n\n\n<p>M\u00edt registraci jako zapsan\u00e9ho spolku nebo na Slovensku ob\u010dansk\u00e9ho sdru\u017een\u00ed. Te\u017eko se poskytuj\u00ed dotace soukrom\u00fdm osob\u00e1m. P\u00ed\u0161u to proto, \u017ee jsem se \u010dasto setkal s &#8222;voln\u00fdmi&#8220; spole\u010denstv\u00edmi, kter\u00e1 se necht\u011bla nijak registrovat.<\/p>\n\n\n\n<p>\u0158\u00edkat pravdu o tom, \u017ee sou\u010d\u00e1st\u00ed va\u0161\u00ed slu\u017eby je i duchovn\u00ed veden\u00ed lid\u00ed, proto\u017ee jste k\u0159es\u0165an\u00e9. Ne v\u0161ak agresivn\u011b nebo py\u0161n\u011b nebo se za to omlouvat, ale jako fakt. <\/p>\n\n\n\n<p>Najednou m\u00e1te prostor, kde se m\u016f\u017eete sch\u00e1zet s mlad\u00fdmi, d\u011btmi. Pak zjist\u00edte, \u017ee se dopoledne mohou sch\u00e1zet maminky s d\u011btmi a po ve\u010derech na modlitebn\u00edm. Nic neporu\u0161ujete, proto\u017ee st\u00e1le slou\u017e\u00edte a pracujete s ml\u00e1de\u017e\u00ed, d\u011btmi a rodinami. Pokud je prostor vhodn\u00fd, v ned\u011bli tam m\u016f\u017eete p\u0159esunout shrom\u00e1\u017ed\u011bn\u00ed, aby byl prostor vyu\u017eit\u00fd. U\u0161et\u0159\u00edte na n\u00e1jmu a m\u016f\u017eete finance p\u0159esunout do roz\u0161\u00ed\u0159en\u00ed slu\u017eby nap\u0159\u00edklad o mama centrum v dopoledn\u00edch hodin\u00e1ch, kam mohou v\u011b\u0159\u00edc\u00ed maminky zv\u00e1t nev\u011b\u0159\u00edc\u00ed zn\u00e1m\u00e9 a ty, kter\u00e9 pot\u0159ebuj\u00ed pomoc. <\/p>\n\n\n\n<p>Nem\u016f\u017eete v\u0161ak za\u010d\u00edt slu\u017ebu s t\u00edm, \u017ee tak z\u00edsk\u00e1te prostor pro spole\u010denstv\u00ed a ned\u011bln\u00ed shrom\u00e1\u017ed\u011bn\u00ed. Tak to nefunguje nebo aspo\u0148 ne na dlouho. Pot\u0159ebujeme b\u00fdt up\u0159imn\u00ed a \u010diteln\u00ed. Prostor chcete skute\u010dn\u011b pro pr\u00e1ci s ml\u00e1de\u017e\u00ed a d\u011btmi, to ostatn\u00ed dost\u00e1v\u00e1te od Tat\u00ednka jako bonus ke slu\u017eb\u011b.<\/p>\n\n\n\n<p>Po \u010dase zjist\u00edte, \u017ee skute\u010dn\u011b pot\u0159ebujete odborn\u00edka a to nejen pro registrov\u00e1n\u00ed soci\u00e1ln\u00ed slu\u017eby, ale prost\u011b proto, \u017ee si mnohdy nev\u00edte rady. Bylo obdob\u00ed v c\u00edrkvi kdy se sta\u010dilo pomodlit a vlo\u017eit ruce na \u010dlov\u011bka a probl\u00e9m  byl vy\u0159e\u0161en\u00fd. Ne v\u0161echny probl\u00e9my. Mnoh\u00e9 starosti a nevy\u0159e\u0161en\u00e9 v\u011bci lid\u00e9 v\u011bt\u0161inou skryli, proto\u017ee se styd\u011bli \u0159\u00edct, \u017ee modlitba &#8222;nefungovala&#8220;. Na vin\u011b v\u0161ak nebyla modlitba, ale v\u011b\u0159\u00edc\u00ed, kte\u0159\u00ed si mysleli, \u017ee to sta\u010d\u00ed. Mnoho situac\u00ed pot\u0159ebuje \u0159e\u0161en\u00ed krok za krokem a vy\u017eaduje prov\u00e1zen\u00ed. Ne jednu modlitbu, ale pro ka\u017ed\u00fd krok \u010dlov\u00eaka. N\u011bkdy to jsou t\u00fddny, pro jin\u00e9ho roky.  B\u016fh d\u00e1 s\u00edlu, odvahu, naklon\u00ed srdce mnoh\u00fdch, p\u0159iprav\u00ed situace, ale j\u00edt mus\u00edme sami. R\u00e1d vzpom\u00edn\u00e1m na mou prvn\u00ed slu\u017ebu na nocleh\u00e1rn\u011b. Kdy\u017e jsem za\u010d\u00ednal, panovalo p\u0159esv\u011bd\u010den\u00ed, \u017ee tam p\u0159ece  nem\u016f\u017eeme m\u00edt Bohoslu\u017eby. ( jsme soci\u00e1ln\u00ed slu\u017eba a pen\u00edze m\u00e1me od m\u011bsta) Nakonec jsme m\u011bli dvakr\u00e1t t\u00fddn\u011b po pr\u00e1ci skupinku, kde jsme \u010detli z P\u00edsma a hovo\u0159ili jsme o Kristu a jeho slovech o tom, jak m\u00e1me \u017e\u00edt. N\u011bkte\u0159\u00ed se obr\u00e1tili a n\u011bkte\u0159\u00ed ne, ale i jim Kristus zm\u011bnil \u017eivot, proto\u017ee p\u0159ijali jeho rady, jak maj\u00ed \u017e\u00edt. Kdy\u017e jsem odch\u00e1zel, m\u011bli jsme tam ji\u017e rok Bohoslu\u017eby. Ti, kte\u0159\u00ed se obr\u00e1tili pot\u0159ebovali stejn\u011b jako neobr\u00e1cen\u00ed pomoc vy\u0159e\u0161it sv\u00e9 situace, kter\u00e9 byly \u010dasto velmi slo\u017eit\u00e9. A my jsme tam byli proto, abychom jim pomohli. Modlili jsme se a pom\u00e1hali. Nemysleme si, \u017ee nepot\u0159ebujeme odborn\u00edky. (m\u011bstu nikdy nevadily Bohoslu\u017eby a duchovn\u00ed slu\u017eba, zaj\u00edmali je v\u00fdsledky)<\/p>\n\n\n\n<p>Tady nast\u00e1v\u00e1 v\u011bt\u0161inou probl\u00e9m. Kde ho vz\u00edt. Mysl\u00edm, \u017ee soci\u00e1ln\u00ed pracovn\u00edky najdete, ale nenajdete ty znovuzrozen\u00e9. Pokud jsou, pak ji\u017e n\u011bkde slou\u017e\u00ed. Najednou p\u0159ich\u00e1z\u00ed dilema: m\u00e1me p\u0159ijmout nev\u011b\u0159\u00edc\u00edho?<\/p>\n\n\n\n<p>P\u0159ed p\u016fl rokem jsem sly\u0161el vyj\u00e1d\u0159en\u00ed jednoho pastora, \u017ee nebudou podporovat slu\u017ebu, kde bude nev\u011b\u0159\u00edc\u00ed pracovn\u00edk. Dvacet let dozad jsem m\u011bl podobn\u00fd n\u00e1zor. Dnes se d\u00edv\u00e1m jinak. Vid\u011bl jsem pracovat nev\u011b\u0159\u00edc\u00ed s takovou l\u00e1skou k lidem, kterou jsem nevid\u011bl u v\u011b\u0159\u00edc\u00edch.  Vid\u011bl jsem nev\u011b\u0159\u00edc\u00ed pracovn\u00edky rozb\u00edt kolektiv v\u011b\u0159\u00edc\u00edch, vid\u011bl jsem jak se nev\u011b\u0159\u00edc\u00ed b\u011bhem slu\u017eby obr\u00e1tili&#8230;. Pot\u0159ebujeme se nechat v\u00e9st Duchem svat\u00fdm. On zn\u00e1 lidsk\u00e1 srdce. On zn\u00e1 z\u00e1m\u011br, kter\u00fd s \u010dlov\u011bkem m\u00e1. Pot\u0159ebujeme sm\u011blost k tomu, abychom poslechli a ud\u011blali to, co chce On. A\u0165 to znamen\u00e1 p\u0159ijmout nev\u011b\u0159\u00edc\u00edho nebo ne. Tady za\u010d\u00edn\u00e1 nov\u00e1 zku\u0161enost a \u010dasto jsme p\u0159ekvapen\u00ed z Bo\u017e\u00edch cest a z\u00e1m\u011br\u016f. Za\u010d\u00edn\u00e1me ch\u00e1pat, co znamen\u00e1, \u017ee B\u016fh nikomu nestran\u00ed, jak\u00e1 je jeho spravedlnost i milosrdenstv\u00ed. Je to velk\u00e9 dobrodru\u017estv\u00ed s Bohem, kdy bojujeme za lidi, kter\u00e9 v\u011bt\u0161inou n\u011bkdo ji\u017e odepsal nebo se odepsali sami.<\/p>\n\n\n\n<p><\/p>\n\n\n\n<p><\/p>\n","protected":false},"excerpt":{"rendered":"<p>Tak jak? Mo\u017en\u00e1 si mysl\u00edte, \u017ee prvn\u00ed a druh\u00e1 kapitola si odporuj\u00ed. Ne. Prvn\u00ed popisuje stav v\u011bc\u00ed. A tak trochu varuje se poust\u011bt do velk\u00fdch v\u011bc\u00ed. Druh\u00e1 se sna\u017e\u00ed vysv\u011btlit, \u017ee pen\u00edze ze st\u00e1tn\u00ed pokladny na soci\u00e1ln\u00ed slu\u017eby nejsou n\u011bco \u0161patn\u00e9ho. \u0160patn\u00e9 je to, co jsme schopni n\u011bkdy ud\u011blat proto, abychom je z\u00edskali. (prvn\u00ed kapitola) &hellip; <a href=\"https:\/\/www.josefknoflicek.cz\/?page_id=5912\" class=\"more-link\">Pokra\u010dov\u00e1n\u00ed textu <span class=\"screen-reader-text\">Kapitola 3<\/span> <span class=\"meta-nav\">&rarr;<\/span><\/a><\/p>\n","protected":false},"author":2,"featured_media":0,"parent":4425,"menu_order":3,"comment_status":"closed","ping_status":"closed","template":"","meta":[],"_links":{"self":[{"href":"https:\/\/www.josefknoflicek.cz\/index.php?rest_route=\/wp\/v2\/pages\/5912"}],"collection":[{"href":"https:\/\/www.josefknoflicek.cz\/index.php?rest_route=\/wp\/v2\/pages"}],"about":[{"href":"https:\/\/www.josefknoflicek.cz\/index.php?rest_route=\/wp\/v2\/types\/page"}],"author":[{"embeddable":true,"href":"https:\/\/www.josefknoflicek.cz\/index.php?rest_route=\/wp\/v2\/users\/2"}],"replies":[{"embeddable":true,"href":"https:\/\/www.josefknoflicek.cz\/index.php?rest_route=%2Fwp%2Fv2%2Fcomments&post=5912"}],"version-history":[{"count":3,"href":"https:\/\/www.josefknoflicek.cz\/index.php?rest_route=\/wp\/v2\/pages\/5912\/revisions"}],"predecessor-version":[{"id":5916,"href":"https:\/\/www.josefknoflicek.cz\/index.php?rest_route=\/wp\/v2\/pages\/5912\/revisions\/5916"}],"up":[{"embeddable":true,"href":"https:\/\/www.josefknoflicek.cz\/index.php?rest_route=\/wp\/v2\/pages\/4425"}],"wp:attachment":[{"href":"https:\/\/www.josefknoflicek.cz\/index.php?rest_route=%2Fwp%2Fv2%2Fmedia&parent=5912"}],"curies":[{"name":"wp","href":"https:\/\/api.w.org\/{rel}","templated":true}]}}